{"id":9,"date":"2019-10-27T18:46:42","date_gmt":"2019-10-27T18:46:42","guid":{"rendered":"http:\/\/niemeyer-neustadt.de\/?page_id=9"},"modified":"2024-02-14T03:53:46","modified_gmt":"2024-02-14T03:53:46","slug":"ferienhaus-in-polen","status":"publish","type":"page","link":"https:\/\/niemeyer-neustadt.de\/?page_id=9","title":{"rendered":"Ferienhaus Julia in Polen"},"content":{"rendered":"\n<figure><iframe loading=\"lazy\" src=\"https:\/\/www.youtube.com\/embed\/bILnElZla0c?rel=0\" allowfullscreen=\"\" width=\"640\" height=\"360\"><\/iframe><\/figure>\n\n\n\n<p>Das mitteleurop\u00e4ische Land Polen hat in den letzten Jahren gerade bei den deutschen Reisenden als Urlaubsland an Beliebtheit gewonnen. Das Nachbarland von Deutschland ist ein junges Mitglied der Europ\u00e4ischen Union.<\/p>\n\n\n\n<p>Polen ist ein sehr vielf\u00e4ltiges Urlaubsland und hat einen ganz besonderen Charme.<\/p>\n\n\n\n<p>Seen, W\u00e4lder, interessante St\u00e4dte und die Ostseek\u00fcste sind Gr\u00fcnde, einen Urlaub in Polen zu&nbsp;verbringen.<\/p>\n\n\n\n<p>Zudem ist Polen im Vergleich zu anderen Reisel\u00e4ndern nach wie vor preiswert, so dass ein Urlaub in einem Ferienhaus auch noch Ihren Geldbeutel schont. Geografisch liegt Polen auch hervorragend, neben Deutschland im Westen sind Litauen,&nbsp;Wei\u00dfrussland, Tschechien und die Slowakei weitere Nachbarn.<\/p>\n\n\n\n<p>In 5 km Entfernung liegt die Kreisstadt \u201eChojnice\u201c (fr\u00fcher Konitz). Der \u201eCharzykowy See\u201c bietet alle Wassersportm\u00f6glichkeiten wie Segeln, Surfen, Motorboot, Angeln, Reiten, Nordic-Walking, Fahrradfahren und ausgedehnte Spazierg\u00e4nge. In der N\u00e4he liegt der National Park \u201eBory Tucholskie\u201c(Tucheler Heide).<\/p>\n\n\n\n<p><strong>Beschreibung: Ferienhaus:<\/strong><\/p>\n\n\n\n<p>Unser Ferienhaus liegt in Westpommern in der sch\u00f6nen Urlaubs- und Ferienregion der Kaschubischen See. Der Ort Charzykowy zu Deutsch \u201eM\u00fcskendorf\u201c liegt direkt am Charzykowy- See. Der See ist vom Ferienhaus sichtbar und nur 150 m entfernt.<\/p>\n\n\n\n<p>Das umz\u00e4unte Grundst\u00fcck hat eine Gr\u00f6\u00dfe von 1.200m\u00b2. Es verf\u00fcgt \u00fcber eine Terrasse mit Liegewiese. Eine freistehende und windgesch\u00fctzte \u00dcberdachung von 32m\u00b2 l\u00e4dt zum Sonnenbaden, grillen und Tischtennis spielen ein. Dort stehen Ihnen Tische, B\u00e4nke, St\u00fchle und Liege zur Verf\u00fcgung.<\/p>\n\n\n\n<p>F\u00fcr Erkundungstouren k\u00f6nnen Sie die 5 vorhandenen Fahrr\u00e4der kostenfrei nutzen.<\/p>\n\n\n\n<figure class=\"wp-container-2 wp-block-gallery-1 wp-block-gallery has-nested-images columns-default is-cropped\">\n<figure class=\"wp-block-image\"><a href=\"https:\/\/niemeyer-neustadt.de\/wp-content\/uploads\/2019\/10\/P1000840.jpg\"><img loading=\"lazy\" width=\"1024\" height=\"768\" data-id=\"386\"  src=\"https:\/\/niemeyer-neustadt.de\/wp-content\/uploads\/2019\/10\/P1000840-1024x768.jpg\" alt=\"\" class=\"wp-image-386\" srcset=\"https:\/\/niemeyer-neustadt.de\/wp-content\/uploads\/2019\/10\/P1000840-1024x768.jpg 1024w, https:\/\/niemeyer-neustadt.de\/wp-content\/uploads\/2019\/10\/P1000840-300x225.jpg 300w, https:\/\/niemeyer-neustadt.de\/wp-content\/uploads\/2019\/10\/P1000840-768x576.jpg 768w\" sizes=\"(max-width: 706px) 89vw, (max-width: 767px) 82vw, 740px\" \/><\/a><figcaption>Ferienhaus Julia<\/figcaption><\/figure>\n\n\n\n<figure class=\"wp-block-image\"><a href=\"https:\/\/niemeyer-neustadt.de\/wp-content\/uploads\/2019\/10\/aussen3-1024x682-1.jpg\"><img loading=\"lazy\" width=\"1024\" height=\"682\" data-id=\"226\"  src=\"https:\/\/niemeyer-neustadt.de\/wp-content\/uploads\/2019\/10\/aussen3-1024x682-1-1024x682.jpg\" alt=\"\" class=\"wp-image-226\" srcset=\"https:\/\/niemeyer-neustadt.de\/wp-content\/uploads\/2019\/10\/aussen3-1024x682-1.jpg 1024w, https:\/\/niemeyer-neustadt.de\/wp-content\/uploads\/2019\/10\/aussen3-1024x682-1-300x200.jpg 300w, https:\/\/niemeyer-neustadt.de\/wp-content\/uploads\/2019\/10\/aussen3-1024x682-1-768x512.jpg 768w\" sizes=\"(max-width: 706px) 89vw, (max-width: 767px) 82vw, 740px\" \/><\/a><figcaption>Ferienhaus Julia<\/figcaption><\/figure>\n<\/figure>\n\n\n\n<p><strong>Erdgescho\u00df:<\/strong><\/p>\n\n\n\n<p>Das Haus hat eine Gr\u00f6\u00dfe von 160 m\u00b2 mit Erdgeschoss, Obergescho\u00df und Garage im Haus. Im Eingangsbereich ist eine Garderobe.<\/p>\n\n\n\n<figure class=\"wp-container-4 wp-block-gallery-3 wp-block-gallery has-nested-images columns-default is-cropped\">\n<figure class=\"wp-block-image\"><a href=\"https:\/\/niemeyer-neustadt.de\/wp-content\/uploads\/2019\/10\/P1000770-768x1024-1.jpg\"><img loading=\"lazy\" width=\"768\" height=\"1024\" data-id=\"159\"  src=\"https:\/\/niemeyer-neustadt.de\/wp-content\/uploads\/2019\/10\/P1000770-768x1024-1-768x1024.jpg\" alt=\"\" class=\"wp-image-159\" srcset=\"https:\/\/niemeyer-neustadt.de\/wp-content\/uploads\/2019\/10\/P1000770-768x1024-1.jpg 768w, https:\/\/niemeyer-neustadt.de\/wp-content\/uploads\/2019\/10\/P1000770-768x1024-1-225x300.jpg 225w\" sizes=\"(max-width: 706px) 89vw, (max-width: 767px) 82vw, 740px\" \/><\/a><figcaption>Eingangsbereich Flur<\/figcaption><\/figure>\n<\/figure>\n\n\n\n<p>Die Einbauk\u00fcche ist mit K\u00fchl. -Gefrierkombination, Einbauherd mit Ceranfeld, Dunsthaube, Geschirrsp\u00fcler, Mikrowelle, Kaffemaschine, Toaster, komplettes Geschirr und Besteck f\u00fcr mindestens 6 Personen ausgestattet. Ebenso ist ein K\u00fcchentisch mit vier St\u00fchlen vorhanden.<\/p>\n\n\n\n<figure class=\"wp-container-6 wp-block-gallery-5 wp-block-gallery has-nested-images columns-default is-cropped\">\n<figure class=\"wp-block-image\"><a href=\"https:\/\/niemeyer-neustadt.de\/wp-content\/uploads\/2019\/10\/P1000827-1024x768-1.jpg\"><img loading=\"lazy\" width=\"1024\" height=\"768\" data-id=\"372\"  src=\"https:\/\/niemeyer-neustadt.de\/wp-content\/uploads\/2019\/10\/P1000827-1024x768-1-1024x768.jpg\" alt=\"\" class=\"wp-image-372\" srcset=\"https:\/\/niemeyer-neustadt.de\/wp-content\/uploads\/2019\/10\/P1000827-1024x768-1.jpg 1024w, https:\/\/niemeyer-neustadt.de\/wp-content\/uploads\/2019\/10\/P1000827-1024x768-1-300x225.jpg 300w, https:\/\/niemeyer-neustadt.de\/wp-content\/uploads\/2019\/10\/P1000827-1024x768-1-768x576.jpg 768w\" sizes=\"(max-width: 706px) 89vw, (max-width: 767px) 82vw, 740px\" \/><\/a><figcaption>K\u00fcchenbereich 1<\/figcaption><\/figure>\n\n\n\n<figure class=\"wp-block-image\"><a href=\"https:\/\/niemeyer-neustadt.de\/wp-content\/uploads\/2019\/10\/P1000826-768x1024-1.jpg\"><img loading=\"lazy\" width=\"768\" height=\"1024\" data-id=\"366\"  src=\"https:\/\/niemeyer-neustadt.de\/wp-content\/uploads\/2019\/10\/P1000826-768x1024-1-768x1024.jpg\" alt=\"\" class=\"wp-image-366\" srcset=\"https:\/\/niemeyer-neustadt.de\/wp-content\/uploads\/2019\/10\/P1000826-768x1024-1.jpg 768w, https:\/\/niemeyer-neustadt.de\/wp-content\/uploads\/2019\/10\/P1000826-768x1024-1-225x300.jpg 225w\" sizes=\"(max-width: 706px) 89vw, (max-width: 767px) 82vw, 740px\" \/><\/a><figcaption>K\u00fcchenbereich 2<\/figcaption><\/figure>\n\n\n\n<figure class=\"wp-block-image\"><a href=\"https:\/\/niemeyer-neustadt.de\/wp-content\/uploads\/2019\/10\/P1000824-1024x768-1.jpg\"><img loading=\"lazy\" width=\"1024\" height=\"768\" data-id=\"360\"  src=\"https:\/\/niemeyer-neustadt.de\/wp-content\/uploads\/2019\/10\/P1000824-1024x768-1-1024x768.jpg\" alt=\"\" class=\"wp-image-360\" srcset=\"https:\/\/niemeyer-neustadt.de\/wp-content\/uploads\/2019\/10\/P1000824-1024x768-1.jpg 1024w, https:\/\/niemeyer-neustadt.de\/wp-content\/uploads\/2019\/10\/P1000824-1024x768-1-300x225.jpg 300w, https:\/\/niemeyer-neustadt.de\/wp-content\/uploads\/2019\/10\/P1000824-1024x768-1-768x576.jpg 768w\" sizes=\"(max-width: 706px) 89vw, (max-width: 767px) 82vw, 740px\" \/><\/a><figcaption>K\u00fcchenbereich 3<\/figcaption><\/figure>\n<\/figure>\n\n\n\n<p>Wohn-, Esszimmer mit ausziehbarem Esstisch und 6 St\u00fchlen, Ledercouch 2 und 3 Sitzer und Sessel, Fernsehger\u00e4t mit allen TV-SAT Programmen deutsch und polnisch, Stereoanlage mit CD Player. G\u00e4ste-WC mit Waschbecken. Treppenaufgang zum Obergeschoss.<\/p>\n\n\n\n<figure class=\"wp-container-8 wp-block-gallery-7 wp-block-gallery has-nested-images columns-default is-cropped\">\n<figure class=\"wp-block-image\"><a href=\"https:\/\/niemeyer-neustadt.de\/wp-content\/uploads\/2019\/10\/P1000754-1024x768-2.jpg\"><img loading=\"lazy\" width=\"1024\" height=\"768\" data-id=\"288\"  src=\"https:\/\/niemeyer-neustadt.de\/wp-content\/uploads\/2019\/10\/P1000754-1024x768-2-1024x768.jpg\" alt=\"\" class=\"wp-image-288\" srcset=\"https:\/\/niemeyer-neustadt.de\/wp-content\/uploads\/2019\/10\/P1000754-1024x768-2.jpg 1024w, https:\/\/niemeyer-neustadt.de\/wp-content\/uploads\/2019\/10\/P1000754-1024x768-2-300x225.jpg 300w, https:\/\/niemeyer-neustadt.de\/wp-content\/uploads\/2019\/10\/P1000754-1024x768-2-768x576.jpg 768w\" sizes=\"(max-width: 706px) 89vw, (max-width: 767px) 82vw, 740px\" \/><\/a><figcaption>Esstisch Wohnzimmer<\/figcaption><\/figure>\n\n\n\n<figure class=\"wp-block-image\"><a href=\"https:\/\/niemeyer-neustadt.de\/wp-content\/uploads\/2019\/10\/P1000756-1024x768-2.jpg\"><img loading=\"lazy\" width=\"1024\" height=\"768\" data-id=\"294\"  src=\"https:\/\/niemeyer-neustadt.de\/wp-content\/uploads\/2019\/10\/P1000756-1024x768-2-1024x768.jpg\" alt=\"\" class=\"wp-image-294\" srcset=\"https:\/\/niemeyer-neustadt.de\/wp-content\/uploads\/2019\/10\/P1000756-1024x768-2.jpg 1024w, https:\/\/niemeyer-neustadt.de\/wp-content\/uploads\/2019\/10\/P1000756-1024x768-2-300x225.jpg 300w, https:\/\/niemeyer-neustadt.de\/wp-content\/uploads\/2019\/10\/P1000756-1024x768-2-768x576.jpg 768w\" sizes=\"(max-width: 706px) 89vw, (max-width: 767px) 82vw, 740px\" \/><\/a><figcaption>Couch Wohnzimmer <\/figcaption><\/figure>\n<\/figure>\n\n\n\n<p><strong>Hauswirtschaftsraum mit Waschmaschine und Trockner sowie B\u00fcgelbrett.<\/strong><\/p>\n\n\n\n<p><strong>Garage und PKW Stellpl\u00e4tze sind auf dem Grundst\u00fcck.<\/strong><\/p>\n\n\n\n<p><strong>Obergescho\u00df (3 Schlafzimmer\/2 B\u00e4der):<\/strong><\/p>\n\n\n\n<p>1.Schlafzimmer mit Doppelbett, Nachtschr\u00e4nken, Kleiderschrank, Fernseher, 2 Sessel mit kleinen Tisch sowie Bad mit Dusche, WC und Waschbecken.<\/p>\n\n\n\n<figure class=\"wp-container-10 wp-block-gallery-9 wp-block-gallery has-nested-images columns-default is-cropped\">\n<figure class=\"wp-block-image\"><a href=\"https:\/\/niemeyer-neustadt.de\/wp-content\/uploads\/2019\/10\/P1000784-1024x768-1.jpg\"><img loading=\"lazy\" width=\"1024\" height=\"768\" data-id=\"312\"  src=\"https:\/\/niemeyer-neustadt.de\/wp-content\/uploads\/2019\/10\/P1000784-1024x768-1-1024x768.jpg\" alt=\"\" class=\"wp-image-312\" srcset=\"https:\/\/niemeyer-neustadt.de\/wp-content\/uploads\/2019\/10\/P1000784-1024x768-1.jpg 1024w, https:\/\/niemeyer-neustadt.de\/wp-content\/uploads\/2019\/10\/P1000784-1024x768-1-300x225.jpg 300w, https:\/\/niemeyer-neustadt.de\/wp-content\/uploads\/2019\/10\/P1000784-1024x768-1-768x576.jpg 768w\" sizes=\"(max-width: 706px) 89vw, (max-width: 767px) 82vw, 740px\" \/><\/a><figcaption>Schlafzimmer 1<\/figcaption><\/figure>\n<\/figure>\n\n\n\n<p>2.Schlafzimmer mit Doppelbett, Nachtschr\u00e4nken, Kleiderschrank, Kommode, Fernseher, 2 Sessel mit kleinen Tisch und Balkon.<\/p>\n\n\n\n<figure class=\"wp-container-12 wp-block-gallery-11 wp-block-gallery has-nested-images columns-default is-cropped\">\n<figure class=\"wp-block-image\"><a href=\"https:\/\/niemeyer-neustadt.de\/wp-content\/uploads\/2019\/10\/P1000797-1024x768-1.jpg\"><img loading=\"lazy\" width=\"1024\" height=\"768\" data-id=\"336\"  src=\"https:\/\/niemeyer-neustadt.de\/wp-content\/uploads\/2019\/10\/P1000797-1024x768-1-1024x768.jpg\" alt=\"\" class=\"wp-image-336\" srcset=\"https:\/\/niemeyer-neustadt.de\/wp-content\/uploads\/2019\/10\/P1000797-1024x768-1.jpg 1024w, https:\/\/niemeyer-neustadt.de\/wp-content\/uploads\/2019\/10\/P1000797-1024x768-1-300x225.jpg 300w, https:\/\/niemeyer-neustadt.de\/wp-content\/uploads\/2019\/10\/P1000797-1024x768-1-768x576.jpg 768w\" sizes=\"(max-width: 706px) 89vw, (max-width: 767px) 82vw, 740px\" \/><\/a><figcaption>Schlafzimmer 2<\/figcaption><\/figure>\n\n\n\n<figure class=\"wp-block-image\"><a href=\"https:\/\/niemeyer-neustadt.de\/wp-content\/uploads\/2019\/10\/P1000801-1024x768-1.jpg\"><img loading=\"lazy\" width=\"1024\" height=\"768\" data-id=\"342\"  src=\"https:\/\/niemeyer-neustadt.de\/wp-content\/uploads\/2019\/10\/P1000801-1024x768-1-1024x768.jpg\" alt=\"\" class=\"wp-image-342\" srcset=\"https:\/\/niemeyer-neustadt.de\/wp-content\/uploads\/2019\/10\/P1000801-1024x768-1.jpg 1024w, https:\/\/niemeyer-neustadt.de\/wp-content\/uploads\/2019\/10\/P1000801-1024x768-1-300x225.jpg 300w, https:\/\/niemeyer-neustadt.de\/wp-content\/uploads\/2019\/10\/P1000801-1024x768-1-768x576.jpg 768w\" sizes=\"(max-width: 706px) 89vw, (max-width: 767px) 82vw, 740px\" \/><\/a><figcaption>Schlafzimmer 2<\/figcaption><\/figure>\n\n\n\n<figure class=\"wp-block-image\"><a href=\"https:\/\/niemeyer-neustadt.de\/wp-content\/uploads\/2019\/10\/P1000806-1024x768-1.jpg\"><img loading=\"lazy\" width=\"1024\" height=\"768\" data-id=\"354\"  src=\"https:\/\/niemeyer-neustadt.de\/wp-content\/uploads\/2019\/10\/P1000806-1024x768-1-1024x768.jpg\" alt=\"\" class=\"wp-image-354\" srcset=\"https:\/\/niemeyer-neustadt.de\/wp-content\/uploads\/2019\/10\/P1000806-1024x768-1.jpg 1024w, https:\/\/niemeyer-neustadt.de\/wp-content\/uploads\/2019\/10\/P1000806-1024x768-1-300x225.jpg 300w, https:\/\/niemeyer-neustadt.de\/wp-content\/uploads\/2019\/10\/P1000806-1024x768-1-768x576.jpg 768w\" sizes=\"(max-width: 706px) 89vw, (max-width: 767px) 82vw, 740px\" \/><\/a><figcaption>Balkon mit Blick Richtung See<\/figcaption><\/figure>\n<\/figure>\n\n\n\n<p>3.Schlafzimmer mit Doppelbett, Nachtschr\u00e4nken, ausziehbarer Bettcouch (2 Personen), Kleiderschrank, Fernseher und Balkon.<\/p>\n\n\n\n<figure class=\"wp-container-14 wp-block-gallery-13 wp-block-gallery has-nested-images columns-default is-cropped\">\n<figure class=\"wp-block-image\"><a href=\"https:\/\/niemeyer-neustadt.de\/wp-content\/uploads\/2019\/10\/P1000790-1024x768-1.jpg\"><img loading=\"lazy\" width=\"1024\" height=\"768\" data-id=\"330\"  src=\"https:\/\/niemeyer-neustadt.de\/wp-content\/uploads\/2019\/10\/P1000790-1024x768-1-1024x768.jpg\" alt=\"\" class=\"wp-image-330\" srcset=\"https:\/\/niemeyer-neustadt.de\/wp-content\/uploads\/2019\/10\/P1000790-1024x768-1.jpg 1024w, https:\/\/niemeyer-neustadt.de\/wp-content\/uploads\/2019\/10\/P1000790-1024x768-1-300x225.jpg 300w, https:\/\/niemeyer-neustadt.de\/wp-content\/uploads\/2019\/10\/P1000790-1024x768-1-768x576.jpg 768w\" sizes=\"(max-width: 706px) 89vw, (max-width: 767px) 82vw, 740px\" \/><\/a><figcaption>Schlafzimmer 3<\/figcaption><\/figure>\n\n\n\n<figure class=\"wp-block-image\"><a href=\"https:\/\/niemeyer-neustadt.de\/wp-content\/uploads\/2019\/10\/P1000787-1024x768-1.jpg\"><img loading=\"lazy\" width=\"1024\" height=\"768\" data-id=\"324\"  src=\"https:\/\/niemeyer-neustadt.de\/wp-content\/uploads\/2019\/10\/P1000787-1024x768-1-1024x768.jpg\" alt=\"\" class=\"wp-image-324\" srcset=\"https:\/\/niemeyer-neustadt.de\/wp-content\/uploads\/2019\/10\/P1000787-1024x768-1.jpg 1024w, https:\/\/niemeyer-neustadt.de\/wp-content\/uploads\/2019\/10\/P1000787-1024x768-1-300x225.jpg 300w, https:\/\/niemeyer-neustadt.de\/wp-content\/uploads\/2019\/10\/P1000787-1024x768-1-768x576.jpg 768w\" sizes=\"(max-width: 706px) 89vw, (max-width: 767px) 82vw, 740px\" \/><\/a><figcaption>Schlafzimmer 3<\/figcaption><\/figure>\n\n\n\n<figure class=\"wp-block-image\"><a href=\"https:\/\/niemeyer-neustadt.de\/wp-content\/uploads\/2019\/10\/P1000785-1024x768-1.jpg\"><img loading=\"lazy\" width=\"1024\" height=\"768\" data-id=\"318\"  src=\"https:\/\/niemeyer-neustadt.de\/wp-content\/uploads\/2019\/10\/P1000785-1024x768-1-1024x768.jpg\" alt=\"\" class=\"wp-image-318\" srcset=\"https:\/\/niemeyer-neustadt.de\/wp-content\/uploads\/2019\/10\/P1000785-1024x768-1.jpg 1024w, https:\/\/niemeyer-neustadt.de\/wp-content\/uploads\/2019\/10\/P1000785-1024x768-1-300x225.jpg 300w, https:\/\/niemeyer-neustadt.de\/wp-content\/uploads\/2019\/10\/P1000785-1024x768-1-768x576.jpg 768w\" sizes=\"(max-width: 706px) 89vw, (max-width: 767px) 82vw, 740px\" \/><\/a><figcaption>Schlafzimmer 3<\/figcaption><\/figure>\n<\/figure>\n\n\n\n<p>Gro\u00dfes Bad mit 2 Waschbecken, WC, Wanne und ebenerdiger Dusche.<\/p>\n\n\n\n<figure class=\"wp-container-16 wp-block-gallery-15 wp-block-gallery has-nested-images columns-default is-cropped\">\n<figure class=\"wp-block-image\"><a href=\"https:\/\/niemeyer-neustadt.de\/wp-content\/uploads\/2019\/10\/bad1-1024x768-2.jpg\"><img loading=\"lazy\" width=\"1024\" height=\"768\" data-id=\"232\"  src=\"https:\/\/niemeyer-neustadt.de\/wp-content\/uploads\/2019\/10\/bad1-1024x768-2-1024x768.jpg\" alt=\"\" class=\"wp-image-232\" srcset=\"https:\/\/niemeyer-neustadt.de\/wp-content\/uploads\/2019\/10\/bad1-1024x768-2.jpg 1024w, https:\/\/niemeyer-neustadt.de\/wp-content\/uploads\/2019\/10\/bad1-1024x768-2-300x225.jpg 300w, https:\/\/niemeyer-neustadt.de\/wp-content\/uploads\/2019\/10\/bad1-1024x768-2-768x576.jpg 768w\" sizes=\"(max-width: 706px) 89vw, (max-width: 767px) 82vw, 740px\" \/><\/a><figcaption>Bad<\/figcaption><\/figure>\n<\/figure>\n\n\n\n<p>Das komplette Ferienhaus wird mit eigener Zentralheizung \u00fcber Fu\u00dfbodenheizung und Heizk\u00f6rper beheizt; zentrale Warmwasserversorgung.<\/p>\n\n\n\n<p><strong>Wie sieht es am See aus?<\/strong><\/p>\n\n\n\n<p>Diese Bilder geben einen kleinen Eindruck auf das was Sie erwartet.<\/p>\n\n\n\n<figure class=\"wp-container-18 wp-block-gallery-17 wp-block-gallery has-nested-images columns-default is-cropped\">\n<figure class=\"wp-block-image\"><a href=\"https:\/\/niemeyer-neustadt.de\/wp-content\/uploads\/2019\/10\/Polen18-1024x682.jpg\"><img loading=\"lazy\" width=\"1024\" height=\"682\" data-id=\"426\"  src=\"https:\/\/niemeyer-neustadt.de\/wp-content\/uploads\/2019\/10\/Polen18-1024x682-1024x682.jpg\" alt=\"\" class=\"wp-image-426\" srcset=\"https:\/\/niemeyer-neustadt.de\/wp-content\/uploads\/2019\/10\/Polen18-1024x682.jpg 1024w, https:\/\/niemeyer-neustadt.de\/wp-content\/uploads\/2019\/10\/Polen18-1024x682-300x200.jpg 300w, https:\/\/niemeyer-neustadt.de\/wp-content\/uploads\/2019\/10\/Polen18-1024x682-768x512.jpg 768w\" sizes=\"(max-width: 706px) 89vw, (max-width: 767px) 82vw, 740px\" \/><\/a><figcaption>Am See<\/figcaption><\/figure>\n\n\n\n<figure class=\"wp-block-image\"><a href=\"https:\/\/niemeyer-neustadt.de\/wp-content\/uploads\/2019\/10\/piratenschiff-768x1024-1.jpg\"><img loading=\"lazy\" width=\"768\" height=\"1024\" data-id=\"420\"  src=\"https:\/\/niemeyer-neustadt.de\/wp-content\/uploads\/2019\/10\/piratenschiff-768x1024-1-768x1024.jpg\" alt=\"\" class=\"wp-image-420\" srcset=\"https:\/\/niemeyer-neustadt.de\/wp-content\/uploads\/2019\/10\/piratenschiff-768x1024-1.jpg 768w, https:\/\/niemeyer-neustadt.de\/wp-content\/uploads\/2019\/10\/piratenschiff-768x1024-1-225x300.jpg 225w\" sizes=\"(max-width: 706px) 89vw, (max-width: 767px) 82vw, 740px\" \/><\/a><figcaption>Am See<\/figcaption><\/figure>\n\n\n\n<figure class=\"wp-block-image\"><a href=\"https:\/\/niemeyer-neustadt.de\/wp-content\/uploads\/2019\/10\/strand2-1038x576.jpg\"><img loading=\"lazy\" width=\"1024\" height=\"568\" data-id=\"199\"  src=\"https:\/\/niemeyer-neustadt.de\/wp-content\/uploads\/2019\/10\/strand2-1038x576-1024x568.jpg\" alt=\"\" class=\"wp-image-199\" srcset=\"https:\/\/niemeyer-neustadt.de\/wp-content\/uploads\/2019\/10\/strand2-1038x576-1024x568.jpg 1024w, https:\/\/niemeyer-neustadt.de\/wp-content\/uploads\/2019\/10\/strand2-1038x576-300x166.jpg 300w, https:\/\/niemeyer-neustadt.de\/wp-content\/uploads\/2019\/10\/strand2-1038x576-768x426.jpg 768w, https:\/\/niemeyer-neustadt.de\/wp-content\/uploads\/2019\/10\/strand2-1038x576.jpg 1038w\" sizes=\"(max-width: 706px) 89vw, (max-width: 767px) 82vw, 740px\" \/><\/a><figcaption>Am See<\/figcaption><\/figure>\n\n\n\n<figure class=\"wp-block-image\"><a href=\"https:\/\/niemeyer-neustadt.de\/wp-content\/uploads\/2019\/10\/strand2-1024x768-1.jpg\"><img loading=\"lazy\" width=\"1024\" height=\"768\" data-id=\"198\"  src=\"https:\/\/niemeyer-neustadt.de\/wp-content\/uploads\/2019\/10\/strand2-1024x768-1-1024x768.jpg\" alt=\"\" class=\"wp-image-198\" srcset=\"https:\/\/niemeyer-neustadt.de\/wp-content\/uploads\/2019\/10\/strand2-1024x768-1.jpg 1024w, https:\/\/niemeyer-neustadt.de\/wp-content\/uploads\/2019\/10\/strand2-1024x768-1-300x225.jpg 300w, https:\/\/niemeyer-neustadt.de\/wp-content\/uploads\/2019\/10\/strand2-1024x768-1-768x576.jpg 768w\" sizes=\"(max-width: 706px) 89vw, (max-width: 767px) 82vw, 740px\" \/><\/a><figcaption>Am See<\/figcaption><\/figure>\n\n\n\n<figure class=\"wp-block-image\"><a href=\"https:\/\/niemeyer-neustadt.de\/wp-content\/uploads\/2019\/10\/strand1-800x576.jpg\"><img loading=\"lazy\" width=\"800\" height=\"576\" data-id=\"193\"  src=\"https:\/\/niemeyer-neustadt.de\/wp-content\/uploads\/2019\/10\/strand1-800x576.jpg\" alt=\"\" class=\"wp-image-193\" srcset=\"https:\/\/niemeyer-neustadt.de\/wp-content\/uploads\/2019\/10\/strand1-800x576.jpg 800w, https:\/\/niemeyer-neustadt.de\/wp-content\/uploads\/2019\/10\/strand1-800x576-300x216.jpg 300w, https:\/\/niemeyer-neustadt.de\/wp-content\/uploads\/2019\/10\/strand1-800x576-768x553.jpg 768w\" sizes=\"(max-width: 706px) 89vw, (max-width: 767px) 82vw, 740px\" \/><\/a><figcaption>Am See<\/figcaption><\/figure>\n\n\n\n<figure class=\"wp-block-image\"><a href=\"https:\/\/niemeyer-neustadt.de\/wp-content\/uploads\/2019\/10\/Polen23-1038x576.jpg\"><img loading=\"lazy\" width=\"1024\" height=\"568\" data-id=\"168\"  src=\"https:\/\/niemeyer-neustadt.de\/wp-content\/uploads\/2019\/10\/Polen23-1038x576-1024x568.jpg\" alt=\"\" class=\"wp-image-168\" srcset=\"https:\/\/niemeyer-neustadt.de\/wp-content\/uploads\/2019\/10\/Polen23-1038x576-1024x568.jpg 1024w, https:\/\/niemeyer-neustadt.de\/wp-content\/uploads\/2019\/10\/Polen23-1038x576-300x166.jpg 300w, https:\/\/niemeyer-neustadt.de\/wp-content\/uploads\/2019\/10\/Polen23-1038x576-768x426.jpg 768w, https:\/\/niemeyer-neustadt.de\/wp-content\/uploads\/2019\/10\/Polen23-1038x576.jpg 1038w\" sizes=\"(max-width: 706px) 89vw, (max-width: 767px) 82vw, 740px\" \/><\/a><figcaption>Am See<\/figcaption><\/figure>\n<\/figure>\n\n\n\n<p>Mietpreis f\u00fcr 6 Personen bei mind. einer Woche Aufenthalt inkl. Strom, Wasser, Heizung, M\u00fcllgeb\u00fchr und Endreinigung:<\/p>\n\n\n\n<p>1.>>  04. Januar &#8211; 02. Mai : EUR 85,00\/Tag <\/p>\n\n\n\n<p>2.>> 02. Mai \u2013 17. Oktober : EUR 119,00\/Tag<\/p>\n\n\n\n<p>3.>> 17. Oktober \u2013 12. Dezember : EUR 85,00\/Tag<\/p>\n\n\n\n<p>4.>> 12. Dezember \u2013 02. Januar : EUR 119,00\/Tag<\/p>\n\n\n\n<p>Bei einer Vermietung unter einer Woche wird ein Aufpreis berechnet.<\/p>\n\n\n\n<p>Bettw\u00e4sche buchbar f\u00fcr EUR 10,- pro Person.<\/p>\n\n\n\n<p>Kaution: EUR 150,00 vor Ort zu zahlen. Der Wechsel der G\u00e4ste ist \u00fcberwiegend\nsamstags.<\/p>\n\n\n\n<p>Anschrift:<\/p>\n\n\n\n<p>Ul. Agroturystyczna 3<\/p>\n\n\n\n<p>89-606 Charzykowy<\/p>\n\n\n\n<p><strong>Anreise aus Deutschland:<\/strong><\/p>\n\n\n\n<p>BAB Richtung Berlin; am Dreieck Werder auf die A10 Richtung Prenzlau\/Hamburg\/Stettin. Am Dreieck Havelland der A10 Richtung Frankfurt\/O.\/Prenzlau\/Berlin-Zentrum folgen bis Dreieck Schwanebeck dann auf die A11 Richtung Stettin. Nach dem Grenz\u00fcbergang Richtung Walcz (10), dann der 22 Richtung Czluchow bis Chojnice folgen. Von Chojnice nach Charzykowy sind es noch 5 km.<\/p>\n\n\n\n<figure class=\"wp-block-embed\"><div class=\"wp-block-embed__wrapper\">\nhttp:\/\/maps.google.de\n<\/div><\/figure>\n\n\n\n<p>Einen sch\u00f6nen Urlaub und gute Anreise w\u00fcnscht<\/p>\n\n\n\n<p>Julia Niemeyer<\/p>\n\n\n\n<p>Wir freuen uns auf ihren Besuch.<\/p>\n\n\n\n<p><a href=\"mailto:julia@Niemeyer-Neustadt.de\">Terminanfrage per e-mail<\/a><br>oder Tel.:05034\/4116<\/p>\n\n\n\n<p>Unter diesem Link finden Sie weitere Informationen zu:<br>Charzykowy, Chojnice und Umgebung.<br><a href=\"http:\/\/www.wkraj.pl\/index.php?page=vr&amp;start=34978&amp;clang=DE#\/50857\/156\">Deutsches Internetportal mit virtuellen Rundg\u00e4ngen<\/a><\/p>\n","protected":false},"excerpt":{"rendered":"<p>Das mitteleurop\u00e4ische Land Polen hat in den letzten Jahren gerade bei den deutschen Reisenden als Urlaubsland an Beliebtheit gewonnen. Das Nachbarland von Deutschland ist ein junges Mitglied der Europ\u00e4ischen Union. Polen ist ein sehr vielf\u00e4ltiges Urlaubsland und hat einen ganz besonderen Charme. Seen, W\u00e4lder, interessante St\u00e4dte und die Ostseek\u00fcste sind Gr\u00fcnde, einen Urlaub in Polen &hellip; <\/p>\n<p class=\"link-more\"><a href=\"https:\/\/niemeyer-neustadt.de\/?page_id=9\" class=\"more-link\"><span class=\"screen-reader-text\">\u201eFerienhaus Julia in Polen\u201c<\/span> weiterlesen<\/a><\/p>\n","protected":false},"author":1,"featured_media":0,"parent":0,"menu_order":0,"comment_status":"closed","ping_status":"closed","template":"","meta":[],"_links":{"self":[{"href":"https:\/\/niemeyer-neustadt.de\/index.php?rest_route=\/wp\/v2\/pages\/9"}],"collection":[{"href":"https:\/\/niemeyer-neustadt.de\/index.php?rest_route=\/wp\/v2\/pages"}],"about":[{"href":"https:\/\/niemeyer-neustadt.de\/index.php?rest_route=\/wp\/v2\/types\/page"}],"author":[{"embeddable":true,"href":"https:\/\/niemeyer-neustadt.de\/index.php?rest_route=\/wp\/v2\/users\/1"}],"replies":[{"embeddable":true,"href":"https:\/\/niemeyer-neustadt.de\/index.php?rest_route=%2Fwp%2Fv2%2Fcomments&post=9"}],"version-history":[{"count":14,"href":"https:\/\/niemeyer-neustadt.de\/index.php?rest_route=\/wp\/v2\/pages\/9\/revisions"}],"predecessor-version":[{"id":547,"href":"https:\/\/niemeyer-neustadt.de\/index.php?rest_route=\/wp\/v2\/pages\/9\/revisions\/547"}],"wp:attachment":[{"href":"https:\/\/niemeyer-neustadt.de\/index.php?rest_route=%2Fwp%2Fv2%2Fmedia&parent=9"}],"curies":[{"name":"wp","href":"https:\/\/api.w.org\/{rel}","templated":true}]}}